{"id":2,"date":"2015-11-15T17:27:41","date_gmt":"2015-11-15T16:27:41","guid":{"rendered":"http:\/\/localhost\/?page_id=2"},"modified":"2026-01-11T10:25:20","modified_gmt":"2026-01-11T09:25:20","slug":"ordinacni-hodiny","status":"publish","type":"page","link":"https:\/\/pediatrnadedine.cz\/index.php\/ordinacni-hodiny\/","title":{"rendered":"Ordina\u010dn\u00ed hodiny"},"content":{"rendered":"<p style=\"text-align: left;\">Zde naleznete podrobn\u011b na\u0161e ordina\u010dn\u00ed hodiny<\/p>\n<table style=\"height: 49px;\" width=\"682\">\n<tbody>\n<tr>\n<td><strong>Pond\u011bl\u00ed<\/strong><\/td>\n<td><strong>11:00 &#8211; 15:00 pro nemocn\u00e9<\/strong><\/td>\n<td><strong>15:00\u00a0 &#8211;\u00a0 17:00 prevence \u0161koln\u00ed d\u011bti<\/strong><\/td>\n<\/tr>\n<tr>\n<td><strong>\u00dater\u00fd<\/strong><\/td>\n<td><strong>08:00 &#8211; 11:00 pro nemocn\u00e9<\/strong><\/td>\n<td><strong>11:00\u00a0 &#8211;\u00a0 15:00 poradna kojenci<\/strong><\/td>\n<\/tr>\n<tr>\n<td><strong>St\u0159eda<\/strong><\/td>\n<td><strong>12:00 &#8211; 15:00 pro nemocn\u00e9<\/strong><\/td>\n<td><strong>15:00\u00a0 &#8211;\u00a0 18:00 prevence \u0161koln\u00ed d\u011bti<br \/>\n<\/strong><\/td>\n<\/tr>\n<tr>\n<td><strong>\u010ctvrtek<\/strong><\/td>\n<td><strong>08:00 &#8211; 11:00 pro nemocn\u00e9<\/strong><\/td>\n<td><strong>11:00\u00a0 &#8211;\u00a0 14:00 poradna kojenci<\/strong><\/td>\n<\/tr>\n<tr>\n<td><strong>P\u00e1tek<\/strong><\/td>\n<td><strong>08:00 &#8211; 13:00 objednan\u00ed pacienti<\/strong><\/td>\n<td><strong>administrativa<\/strong><\/td>\n<\/tr>\n<\/tbody>\n<\/table>\n<p>Pros\u00edme\u00a0 rodi\u010de i pacienty, aby se k o\u0161et\u0159en\u00ed, akutn\u00edmu i pl\u00e1novan\u00e9mu, telefonicky objedn\u00e1vali<br \/>\nna konkretn\u00ed den i hodinu a to i v p\u0159\u00edpad\u011b akutn\u00ed nemoci na t\u00fd\u017e den.<br \/>\nMinimalizujete t\u00edm Va\u0161e \u010dek\u00e1n\u00ed na o\u0161et\u0159en\u00ed.<\/p>\n<p>Doba objedn\u00e1n\u00ed je \u010das, od kdy \u010dek\u00e1te na o\u0161et\u0159en\u00ed.<\/p>\n<p>Pokud p\u0159ijdete bez objedn\u00e1n\u00ed, posa\u010fte se, budeme se V\u00e1m v\u011bnovat jak nejd\u0159\u00edve to bude mo\u017en\u00e9.<br \/>\nV danou hodinu maj\u00ed objednan\u00ed pacienti p\u0159ednost p\u0159ed neobjednan\u00fdmi, v\u017edy samoz\u0159ejm\u011b<br \/>\ns p\u0159ihl\u00e9dnut\u00edm k aktu\u00e1ln\u00edmu zdravotn\u00edmu stavu.<\/p>\n<p>Posledn\u00ed nemocn\u00fd pacient bude o\u0161et\u0159en 15 minut p\u0159ed koncem ordina\u010dn\u00edch hodin pro nemocn\u00e9,<br \/>\ntj. pond\u011bl\u00ed a st\u0159eda ve 14:45 h., v \u00fater\u00fd, \u010dtvrtek a p\u00e1tek v 10:45 h.<\/p>\n<p>Z\u00e1stup se zaji\u0161\u0165uje pouze pokud je nep\u0159\u00edtomnost v\u00edce ne\u017e 3dny v m\u011bs\u00edci. Zastupuj\u00edc\u00ed l\u00e9ka\u0159 nesm\u00ed vystavovat \u017e\u00e1dn\u00e9 posudky o zdravotn\u00ed zp\u016fsobilosti, po\u010d\u00edtejte s t\u00edm a vy\u0159i\u010fte si v\u0161e s p\u0159edstihem.<\/p>\n<h4><em><span style=\"text-decoration: underline;\">Provozn\u00ed doba je shodn\u00e1 jako ordina\u010dn\u00ed doba.<\/span><\/em><\/h4>\n<p>&nbsp;<\/p>\n<p><span style=\"text-decoration: underline; color: #ff0000;\">\u00a0<\/span><\/p>\n<p><img decoding=\"async\" class=\"alignright\" src=\"http:\/\/files.pediatrnadedine.cz\/200000125-3a0a63bfd5\/13137321-silueta-lea-a-ca-a-erna-koa-ka-pro-sva-j-design.jpg\" alt=\"\" \/><\/p>\n","protected":false},"excerpt":{"rendered":"<p>Zde naleznete podrobn\u011b na\u0161e ordina\u010dn\u00ed hodiny Pond\u011bl\u00ed 11:00 &#8211; 15:00 [&hellip;]<\/p>\n","protected":false},"author":1,"featured_media":0,"parent":0,"menu_order":0,"comment_status":"closed","ping_status":"open","template":"","meta":{"footnotes":""},"class_list":["post-2","page","type-page","status-publish","hentry"],"yoast_head":"<!-- This site is optimized with the Yoast SEO plugin v19.13 - https:\/\/yoast.com\/wordpress\/plugins\/seo\/ -->\n<title>Ordina\u010dn\u00ed hodiny - Ordinace praktick\u00e9ho l\u00e9ka\u0159e pro d\u011bti a dorost<\/title>\n<meta name=\"robots\" content=\"index, follow, max-snippet:-1, max-image-preview:large, max-video-preview:-1\" \/>\n<link rel=\"canonical\" href=\"https:\/\/pediatrnadedine.cz\/index.php\/ordinacni-hodiny\/\" \/>\n<meta property=\"og:locale\" content=\"cs_CZ\" \/>\n<meta property=\"og:type\" content=\"article\" \/>\n<meta property=\"og:title\" content=\"Ordina\u010dn\u00ed hodiny - Ordinace praktick\u00e9ho l\u00e9ka\u0159e pro d\u011bti a dorost\" \/>\n<meta property=\"og:description\" content=\"Zde naleznete podrobn\u011b na\u0161e ordina\u010dn\u00ed hodiny Pond\u011bl\u00ed 11:00 &#8211; 15:00 [&hellip;]\" \/>\n<meta property=\"og:url\" content=\"https:\/\/pediatrnadedine.cz\/index.php\/ordinacni-hodiny\/\" \/>\n<meta property=\"og:site_name\" content=\"Ordinace praktick\u00e9ho l\u00e9ka\u0159e pro d\u011bti a dorost\" \/>\n<meta property=\"article:modified_time\" content=\"2026-01-11T09:25:20+00:00\" \/>\n<meta property=\"og:image\" content=\"http:\/\/files.pediatrnadedine.cz\/200000125-3a0a63bfd5\/13137321-silueta-lea-a-ca-a-erna-koa-ka-pro-sva-j-design.jpg\" \/>\n<meta name=\"twitter:card\" content=\"summary_large_image\" \/>\n<meta name=\"twitter:label1\" content=\"Est. reading time\" \/>\n\t<meta name=\"twitter:data1\" content=\"2 minuty\" \/>\n<script type=\"application\/ld+json\" class=\"yoast-schema-graph\">{\"@context\":\"https:\/\/schema.org\",\"@graph\":[{\"@type\":\"WebPage\",\"@id\":\"https:\/\/pediatrnadedine.cz\/index.php\/ordinacni-hodiny\/\",\"url\":\"https:\/\/pediatrnadedine.cz\/index.php\/ordinacni-hodiny\/\",\"name\":\"Ordina\u010dn\u00ed hodiny - Ordinace praktick\u00e9ho l\u00e9ka\u0159e pro d\u011bti a dorost\",\"isPartOf\":{\"@id\":\"https:\/\/pediatrnadedine.cz\/#website\"},\"datePublished\":\"2015-11-15T16:27:41+00:00\",\"dateModified\":\"2026-01-11T09:25:20+00:00\",\"breadcrumb\":{\"@id\":\"https:\/\/pediatrnadedine.cz\/index.php\/ordinacni-hodiny\/#breadcrumb\"},\"inLanguage\":\"cs\",\"potentialAction\":[{\"@type\":\"ReadAction\",\"target\":[\"https:\/\/pediatrnadedine.cz\/index.php\/ordinacni-hodiny\/\"]}]},{\"@type\":\"BreadcrumbList\",\"@id\":\"https:\/\/pediatrnadedine.cz\/index.php\/ordinacni-hodiny\/#breadcrumb\",\"itemListElement\":[{\"@type\":\"ListItem\",\"position\":1,\"name\":\"Home\",\"item\":\"https:\/\/pediatrnadedine.cz\/\"},{\"@type\":\"ListItem\",\"position\":2,\"name\":\"Ordina\u010dn\u00ed hodiny\"}]},{\"@type\":\"WebSite\",\"@id\":\"https:\/\/pediatrnadedine.cz\/#website\",\"url\":\"https:\/\/pediatrnadedine.cz\/\",\"name\":\"Ordinace praktick\u00e9ho l\u00e9ka\u0159e pro d\u011bti a dorost\",\"description\":\"Praktick\u00fd l\u00e9ka\u0159 pro d\u011bti a dorost\",\"potentialAction\":[{\"@type\":\"SearchAction\",\"target\":{\"@type\":\"EntryPoint\",\"urlTemplate\":\"https:\/\/pediatrnadedine.cz\/?s={search_term_string}\"},\"query-input\":\"required name=search_term_string\"}],\"inLanguage\":\"cs\"}]}<\/script>\n<!-- \/ Yoast SEO plugin. -->","yoast_head_json":{"title":"Ordina\u010dn\u00ed hodiny - Ordinace praktick\u00e9ho l\u00e9ka\u0159e pro d\u011bti a dorost","robots":{"index":"index","follow":"follow","max-snippet":"max-snippet:-1","max-image-preview":"max-image-preview:large","max-video-preview":"max-video-preview:-1"},"canonical":"https:\/\/pediatrnadedine.cz\/index.php\/ordinacni-hodiny\/","og_locale":"cs_CZ","og_type":"article","og_title":"Ordina\u010dn\u00ed hodiny - Ordinace praktick\u00e9ho l\u00e9ka\u0159e pro d\u011bti a dorost","og_description":"Zde naleznete podrobn\u011b na\u0161e ordina\u010dn\u00ed hodiny Pond\u011bl\u00ed 11:00 &#8211; 15:00 [&hellip;]","og_url":"https:\/\/pediatrnadedine.cz\/index.php\/ordinacni-hodiny\/","og_site_name":"Ordinace praktick\u00e9ho l\u00e9ka\u0159e pro d\u011bti a dorost","article_modified_time":"2026-01-11T09:25:20+00:00","og_image":[{"url":"http:\/\/files.pediatrnadedine.cz\/200000125-3a0a63bfd5\/13137321-silueta-lea-a-ca-a-erna-koa-ka-pro-sva-j-design.jpg"}],"twitter_card":"summary_large_image","twitter_misc":{"Est. reading time":"2 minuty"},"schema":{"@context":"https:\/\/schema.org","@graph":[{"@type":"WebPage","@id":"https:\/\/pediatrnadedine.cz\/index.php\/ordinacni-hodiny\/","url":"https:\/\/pediatrnadedine.cz\/index.php\/ordinacni-hodiny\/","name":"Ordina\u010dn\u00ed hodiny - Ordinace praktick\u00e9ho l\u00e9ka\u0159e pro d\u011bti a dorost","isPartOf":{"@id":"https:\/\/pediatrnadedine.cz\/#website"},"datePublished":"2015-11-15T16:27:41+00:00","dateModified":"2026-01-11T09:25:20+00:00","breadcrumb":{"@id":"https:\/\/pediatrnadedine.cz\/index.php\/ordinacni-hodiny\/#breadcrumb"},"inLanguage":"cs","potentialAction":[{"@type":"ReadAction","target":["https:\/\/pediatrnadedine.cz\/index.php\/ordinacni-hodiny\/"]}]},{"@type":"BreadcrumbList","@id":"https:\/\/pediatrnadedine.cz\/index.php\/ordinacni-hodiny\/#breadcrumb","itemListElement":[{"@type":"ListItem","position":1,"name":"Home","item":"https:\/\/pediatrnadedine.cz\/"},{"@type":"ListItem","position":2,"name":"Ordina\u010dn\u00ed hodiny"}]},{"@type":"WebSite","@id":"https:\/\/pediatrnadedine.cz\/#website","url":"https:\/\/pediatrnadedine.cz\/","name":"Ordinace praktick\u00e9ho l\u00e9ka\u0159e pro d\u011bti a dorost","description":"Praktick\u00fd l\u00e9ka\u0159 pro d\u011bti a dorost","potentialAction":[{"@type":"SearchAction","target":{"@type":"EntryPoint","urlTemplate":"https:\/\/pediatrnadedine.cz\/?s={search_term_string}"},"query-input":"required name=search_term_string"}],"inLanguage":"cs"}]}},"_links":{"self":[{"href":"https:\/\/pediatrnadedine.cz\/index.php\/wp-json\/wp\/v2\/pages\/2","targetHints":{"allow":["GET"]}}],"collection":[{"href":"https:\/\/pediatrnadedine.cz\/index.php\/wp-json\/wp\/v2\/pages"}],"about":[{"href":"https:\/\/pediatrnadedine.cz\/index.php\/wp-json\/wp\/v2\/types\/page"}],"author":[{"embeddable":true,"href":"https:\/\/pediatrnadedine.cz\/index.php\/wp-json\/wp\/v2\/users\/1"}],"replies":[{"embeddable":true,"href":"https:\/\/pediatrnadedine.cz\/index.php\/wp-json\/wp\/v2\/comments?post=2"}],"version-history":[{"count":60,"href":"https:\/\/pediatrnadedine.cz\/index.php\/wp-json\/wp\/v2\/pages\/2\/revisions"}],"predecessor-version":[{"id":928,"href":"https:\/\/pediatrnadedine.cz\/index.php\/wp-json\/wp\/v2\/pages\/2\/revisions\/928"}],"wp:attachment":[{"href":"https:\/\/pediatrnadedine.cz\/index.php\/wp-json\/wp\/v2\/media?parent=2"}],"curies":[{"name":"wp","href":"https:\/\/api.w.org\/{rel}","templated":true}]}}